{"id":105,"date":"2022-10-30T19:54:10","date_gmt":"2022-10-30T19:54:10","guid":{"rendered":"http:\/\/angelalena.com\/?page_id=105"},"modified":"2025-12-04T19:41:12","modified_gmt":"2025-12-04T19:41:12","slug":"television","status":"publish","type":"page","link":"https:\/\/angelalena.com\/index.php\/television\/","title":{"rendered":"Televisi\u00f3n"},"content":{"rendered":"\n<p>Serie <em><strong>Fuego en el para\u00edso <\/strong><\/em><\/p>\n\n\n\n<figure class=\"wp-block-gallery has-nested-images columns-default is-cropped wp-block-gallery-1 is-layout-flex wp-block-gallery-is-layout-flex\">\n<figure class=\"wp-block-image size-large\"><img loading=\"lazy\" decoding=\"async\" width=\"1024\" height=\"461\" data-id=\"734\" src=\"http:\/\/angelalena.com\/wp-content\/uploads\/2024\/01\/fuego-en-el-paraiso-1024x461.jpeg\" alt=\"\" class=\"wp-image-734\" srcset=\"https:\/\/angelalena.com\/wp-content\/uploads\/2024\/01\/fuego-en-el-paraiso-1024x461.jpeg 1024w, https:\/\/angelalena.com\/wp-content\/uploads\/2024\/01\/fuego-en-el-paraiso-300x135.jpeg 300w, https:\/\/angelalena.com\/wp-content\/uploads\/2024\/01\/fuego-en-el-paraiso-768x345.jpeg 768w, https:\/\/angelalena.com\/wp-content\/uploads\/2024\/01\/fuego-en-el-paraiso-1536x691.jpeg 1536w, https:\/\/angelalena.com\/wp-content\/uploads\/2024\/01\/fuego-en-el-paraiso.jpeg 2048w\" sizes=\"auto, (max-width: 1024px) 100vw, 1024px\" \/><figcaption class=\"wp-element-caption\">Fotograma de la serie Fuego en el Para\u00edso<\/figcaption><\/figure>\n<\/figure>\n\n\n\n<figure class=\"wp-block-embed is-type-video is-provider-youtube wp-block-embed-youtube wp-embed-aspect-16-9 wp-has-aspect-ratio\"><div class=\"wp-block-embed__wrapper\">\n<iframe loading=\"lazy\" title=\"TR\u00c1ILER SERIE. &quot;Fuego en el para\u00edso&quot;.\" width=\"920\" height=\"518\" src=\"https:\/\/www.youtube.com\/embed\/o5baDbX-jJc?list=PLN0bxlTIVlLTvPGgTlpSiuDH9PSyur5r8\" frameborder=\"0\" allow=\"accelerometer; autoplay; clipboard-write; encrypted-media; gyroscope; picture-in-picture; web-share\" referrerpolicy=\"strict-origin-when-cross-origin\" allowfullscreen><\/iframe>\n<\/div><figcaption class=\"wp-element-caption\">Tr\u00e1iler serie \u00abFuego en el para\u00edso\u00bb. Una producci\u00f3n de: Eigakan Films y YuntaMedia Con la colaboraci\u00f3n de: Terreta Casting, CrewServ y Sonido Visual Director: Alfredo Navarro Guion: Jes\u00fas S\u00e1nchez y Alfredo Navarro<\/figcaption><\/figure>\n\n\n\n<p>Programa <strong><em>Cuarto milenio<\/em><\/strong><\/p>\n\n\n\n<figure class=\"wp-block-gallery has-nested-images columns-default is-cropped wp-block-gallery-2 is-layout-flex wp-block-gallery-is-layout-flex\">\n<figure class=\"wp-block-image size-large\"><img loading=\"lazy\" decoding=\"async\" width=\"1024\" height=\"576\" data-id=\"365\" src=\"http:\/\/angelalena.com\/wp-content\/uploads\/2022\/11\/IMG_20220314_081126_8951-1024x576.jpg\" alt=\"\" class=\"wp-image-365\" srcset=\"https:\/\/angelalena.com\/wp-content\/uploads\/2022\/11\/IMG_20220314_081126_8951-1024x576.jpg 1024w, https:\/\/angelalena.com\/wp-content\/uploads\/2022\/11\/IMG_20220314_081126_8951-300x169.jpg 300w, https:\/\/angelalena.com\/wp-content\/uploads\/2022\/11\/IMG_20220314_081126_8951-768x432.jpg 768w, https:\/\/angelalena.com\/wp-content\/uploads\/2022\/11\/IMG_20220314_081126_8951-1536x864.jpg 1536w, https:\/\/angelalena.com\/wp-content\/uploads\/2022\/11\/IMG_20220314_081126_8951-720x405.jpg 720w, https:\/\/angelalena.com\/wp-content\/uploads\/2022\/11\/IMG_20220314_081126_8951-820x461.jpg 820w, https:\/\/angelalena.com\/wp-content\/uploads\/2022\/11\/IMG_20220314_081126_8951.jpg 1920w\" sizes=\"auto, (max-width: 1024px) 100vw, 1024px\" \/><figcaption class=\"wp-element-caption\">Fotograma del programa <em>Cuarto Milenio<\/em><\/figcaption><\/figure>\n<\/figure>\n\n\n\n<figure class=\"wp-block-video\"><video controls src=\"http:\/\/angelalena.com\/wp-content\/uploads\/2022\/11\/VID_20220313_222347_115.mp4\"><\/video><\/figure>\n\n\n\n<p><\/p>\n\n\n\n<p><\/p>\n\n\n\n<p><\/p>\n\n\n\n<p>Su primer trabajo en el medio audiovisual fue en la telenovela <em>Trapos \u00cdntimos<\/em>. He aqu\u00ed algunos cap\u00edtulos.<\/p>\n\n\n\n<figure class=\"wp-block-video\"><video controls src=\"http:\/\/angelalena.com\/wp-content\/uploads\/2022\/11\/VID-20140122-WA0004.mp4\"><\/video><figcaption class=\"wp-element-caption\">Personaje Marisol en la Telenovela <em><strong>Trapos \u00edntimos<\/strong><\/em> dirigida por <em>Luis Manzo<\/em> y producida por <strong>RCTV<\/strong> (Radio Caracas Televisi\u00f3n).<\/figcaption><\/figure>\n\n\n\n<figure class=\"wp-block-video\"><video controls src=\"http:\/\/angelalena.com\/wp-content\/uploads\/2022\/11\/VID-20140122-WA0002.mp4\"><\/video><figcaption class=\"wp-element-caption\">Personaje Marisol en la Telenovela <em><strong>Trapos \u00edntimos<\/strong><\/em> dirigida por <em>Luis Manzo<\/em> y producida por <strong>RCTV<\/strong> (Radio Caracas Televisi\u00f3n). 2002-2003<\/figcaption><\/figure>\n\n\n\n<p><\/p>\n\n\n\n<p><\/p>\n\n\n\n<h1 class=\"wp-block-heading\">Web-series<\/h1>\n\n\n\n<h3 class=\"wp-block-heading\">Serie web <em>\u201cSuperh\u00e9roes\u201d<\/em> Direcci\u00f3n. <em>Juanma Escobar. 7yr Estudios.<\/em><\/h3>\n\n\n\n<figure class=\"wp-block-gallery has-nested-images columns-default is-cropped wp-block-gallery-3 is-layout-flex wp-block-gallery-is-layout-flex\">\n<figure class=\"wp-block-image size-large\"><img loading=\"lazy\" decoding=\"async\" width=\"1024\" height=\"576\" data-id=\"322\" src=\"http:\/\/angelalena.com\/wp-content\/uploads\/2022\/11\/IMG_20180601_003909_259-1024x576.jpg\" alt=\"\" class=\"wp-image-322\" srcset=\"https:\/\/angelalena.com\/wp-content\/uploads\/2022\/11\/IMG_20180601_003909_259-1024x576.jpg 1024w, https:\/\/angelalena.com\/wp-content\/uploads\/2022\/11\/IMG_20180601_003909_259-300x169.jpg 300w, https:\/\/angelalena.com\/wp-content\/uploads\/2022\/11\/IMG_20180601_003909_259-768x432.jpg 768w, https:\/\/angelalena.com\/wp-content\/uploads\/2022\/11\/IMG_20180601_003909_259-720x405.jpg 720w, https:\/\/angelalena.com\/wp-content\/uploads\/2022\/11\/IMG_20180601_003909_259-820x462.jpg 820w, https:\/\/angelalena.com\/wp-content\/uploads\/2022\/11\/IMG_20180601_003909_259.jpg 1080w\" sizes=\"auto, (max-width: 1024px) 100vw, 1024px\" \/><\/figure>\n\n\n\n<figure class=\"wp-block-image size-large\"><img loading=\"lazy\" decoding=\"async\" width=\"1024\" height=\"576\" data-id=\"321\" src=\"http:\/\/angelalena.com\/wp-content\/uploads\/2022\/11\/IMG_20180601_003909_258-1024x576.jpg\" alt=\"\" class=\"wp-image-321\" srcset=\"https:\/\/angelalena.com\/wp-content\/uploads\/2022\/11\/IMG_20180601_003909_258-1024x576.jpg 1024w, https:\/\/angelalena.com\/wp-content\/uploads\/2022\/11\/IMG_20180601_003909_258-300x169.jpg 300w, https:\/\/angelalena.com\/wp-content\/uploads\/2022\/11\/IMG_20180601_003909_258-768x432.jpg 768w, https:\/\/angelalena.com\/wp-content\/uploads\/2022\/11\/IMG_20180601_003909_258-720x405.jpg 720w, https:\/\/angelalena.com\/wp-content\/uploads\/2022\/11\/IMG_20180601_003909_258-820x462.jpg 820w, https:\/\/angelalena.com\/wp-content\/uploads\/2022\/11\/IMG_20180601_003909_258.jpg 1080w\" sizes=\"auto, (max-width: 1024px) 100vw, 1024px\" \/><\/figure>\n\n\n\n<figure class=\"wp-block-image size-large\"><img loading=\"lazy\" decoding=\"async\" width=\"1024\" height=\"576\" data-id=\"323\" src=\"http:\/\/angelalena.com\/wp-content\/uploads\/2022\/11\/IMG_20180601_003909_263-1024x576.jpg\" alt=\"\" class=\"wp-image-323\" srcset=\"https:\/\/angelalena.com\/wp-content\/uploads\/2022\/11\/IMG_20180601_003909_263-1024x576.jpg 1024w, https:\/\/angelalena.com\/wp-content\/uploads\/2022\/11\/IMG_20180601_003909_263-300x169.jpg 300w, https:\/\/angelalena.com\/wp-content\/uploads\/2022\/11\/IMG_20180601_003909_263-768x432.jpg 768w, https:\/\/angelalena.com\/wp-content\/uploads\/2022\/11\/IMG_20180601_003909_263-720x405.jpg 720w, https:\/\/angelalena.com\/wp-content\/uploads\/2022\/11\/IMG_20180601_003909_263-820x462.jpg 820w, https:\/\/angelalena.com\/wp-content\/uploads\/2022\/11\/IMG_20180601_003909_263.jpg 1080w\" sizes=\"auto, (max-width: 1024px) 100vw, 1024px\" \/><\/figure>\n<\/figure>\n\n\n\n<figure class=\"wp-block-embed is-type-video is-provider-youtube wp-block-embed-youtube wp-embed-aspect-16-9 wp-has-aspect-ratio\"><div class=\"wp-block-embed__wrapper\">\n<iframe loading=\"lazy\" title=\"Superh\u00e9roes - Episodio 7 - S\u00f3lo ella\" width=\"920\" height=\"518\" src=\"https:\/\/www.youtube.com\/embed\/_OTguHGt7XU?feature=oembed\" frameborder=\"0\" allow=\"accelerometer; autoplay; clipboard-write; encrypted-media; gyroscope; picture-in-picture; web-share\" referrerpolicy=\"strict-origin-when-cross-origin\" allowfullscreen><\/iframe>\n<\/div><\/figure>\n\n\n\n<p><\/p>\n\n\n\n<h1 class=\"wp-block-heading\">Videoclips<\/h1>\n\n\n\n<h2 class=\"wp-block-heading\">Videoclip oficial TUCHAT de Quevedo<\/h2>\n\n\n\n<figure class=\"wp-block-embed is-type-video is-provider-youtube wp-block-embed-youtube wp-embed-aspect-4-3 wp-has-aspect-ratio\"><div class=\"wp-block-embed__wrapper\">\n<iframe loading=\"lazy\" title=\"TUCHAT - Quevedo (Official Video)\" width=\"920\" height=\"690\" src=\"https:\/\/www.youtube.com\/embed\/mtep_hqXltU?feature=oembed\" frameborder=\"0\" allow=\"accelerometer; autoplay; clipboard-write; encrypted-media; gyroscope; picture-in-picture; web-share\" referrerpolicy=\"strict-origin-when-cross-origin\" allowfullscreen><\/iframe>\n<\/div><figcaption class=\"wp-element-caption\">Dirigido por H\u00e9ctor Herce Producido por The Movement &amp; DQE Productions Starring Pedro Director de The Movement Agust\u00edn Alberdi Director general y productor ejecutivo Nico Cabuche Productor ejecutivo Alex Aguerri Productor Juan Carlos Ballesteros DOP Alberto Le\u00f3n 1AD I\u00f1aki Tena Direcci\u00f3n de arte Laura Codex &amp; Pattpon Ga\ufb00er Arturo Aguado Asistente creativo: Edu Artiles 2AD David Rubio Coordinador de casting Juan Albarrac\u00edn Director de casting Jes\u00fas Melgares Jefe de producci\u00f3n Juan Poveda Coordinadora de producci\u00f3n Clara Mayoral Ayudante de producci\u00f3n Salva Rosell Jefe de localizaciones David Perea SET Manager Arturo Fern\u00e1ndez PA Pablo Sotillo PA Jos\u00e9 del Aguila PA Sara Sanort PA Lourdes Caballero PA Pablo Bastida PA Eloy Ortiz Seguridad Kiko Campillo Prop Buyer Adriana Mu\u00f1oz Atrezzista Mar\u00eda S\u00e1ez Atrezzista Jos\u00e9 Murzia Ayudante de arte Eva Medel Ayudante de arte Berta Bellido Ayudante de arte Pablo Daniel Vera 1AC Macarena Castro 2AC Julia Fern\u00e1ndez Video Assist Esther Garc\u00eda DIT Marina Neira Steadycam Ian P\u00e9rez El\u00e9ctrico Cosmin Cozma El\u00e9ctrico Ra\u00fal Garc\u00eda El\u00e9ctrico Alberto Morales El\u00e9ctrico David Mart\u00ednez El\u00e9ctrico Santiago Mayol Estilistas Quevedo Juan Cebr\u00edan &amp; Paula Fiores Estilista Paula Alcalde Ayudante de estilismo Jon Mikel del Valle Ayudante de estilismo Nacho Florit MUAH Quevedo Tuka Make Up Cristina G\u00f3mez Make Up Cecilia Lorente Make Up Assistant Tania Mu\u00f1oz Catering Antonia Navarro Montaje G\u00f3mez Selva Color grading Dani Granado &#8211; Metropolitana Cr\u00e9ditos Willow J. Flores VFX Lowked Studio Foto fija \u00c1lvaro Mendez<\/figcaption><\/figure>\n\n\n\n<p><\/p>\n\n\n\n<h2 class=\"wp-block-heading has-text-align-center\">Videoclip oficial <em>Coma<\/em> de Rainover<\/h2>\n\n\n\n<figure class=\"wp-block-embed is-type-video is-provider-youtube wp-block-embed-youtube wp-embed-aspect-16-9 wp-has-aspect-ratio\"><div class=\"wp-block-embed__wrapper\">\n<iframe loading=\"lazy\" title=\"RAINOVER - Coma (Official videoclip)\" width=\"920\" height=\"518\" src=\"https:\/\/www.youtube.com\/embed\/2x7cv2Bs6jI?feature=oembed\" frameborder=\"0\" allow=\"accelerometer; autoplay; clipboard-write; encrypted-media; gyroscope; picture-in-picture; web-share\" referrerpolicy=\"strict-origin-when-cross-origin\" allowfullscreen><\/iframe>\n<\/div><figcaption class=\"wp-element-caption\">CANCI\u00d3N: M\u00fasica y letra: Arturo Hern\u00e1ndez. Grabada en Mia Studio (Murcia) Mezclada por Mikko Karmila. Masterizada por Mika Jussila. Finnvox Studios (Finlandia)<\/figcaption><\/figure>\n\n\n\n<h2 class=\"wp-block-heading\">Videoclip oficial \u00ab<em>LCDLC ( La chica de las converse) <\/em>de Lady Ma Belle<\/h2>\n\n\n\n<figure class=\"wp-block-embed is-type-video is-provider-youtube wp-block-embed-youtube wp-embed-aspect-16-9 wp-has-aspect-ratio\"><div class=\"wp-block-embed__wrapper\">\n<iframe loading=\"lazy\" title=\"LCDLC ( La chica de las converse) - Lady Ma Belle- Videoclip (Oficial)\" width=\"920\" height=\"518\" src=\"https:\/\/www.youtube.com\/embed\/ByyjjS3xiKg?feature=oembed\" frameborder=\"0\" allow=\"accelerometer; autoplay; clipboard-write; encrypted-media; gyroscope; picture-in-picture; web-share\" referrerpolicy=\"strict-origin-when-cross-origin\" allowfullscreen><\/iframe>\n<\/div><figcaption class=\"wp-element-caption\">Laca Producciones, bajo la direcci\u00f3n de Jes\u00fas Morales<\/figcaption><\/figure>\n\n\n\n<p><\/p>\n\n\n\n<h3 class=\"wp-block-heading\">Videoclip oficial \u00ab<em>OH<\/em> \u00bb de Jere<\/h3>\n\n\n\n<figure class=\"wp-block-embed is-type-video is-provider-youtube wp-block-embed-youtube wp-embed-aspect-16-9 wp-has-aspect-ratio\"><div class=\"wp-block-embed__wrapper\">\n<iframe loading=\"lazy\" title=\"JERE - OH!\" width=\"920\" height=\"518\" src=\"https:\/\/www.youtube.com\/embed\/0xueOZ8KfUA?feature=oembed\" frameborder=\"0\" allow=\"accelerometer; autoplay; clipboard-write; encrypted-media; gyroscope; picture-in-picture; web-share\" referrerpolicy=\"strict-origin-when-cross-origin\" allowfullscreen><\/iframe> \n<\/div><figcaption class=\"wp-element-caption\">Director: Pablo J.Cosco Montaje: Tony Mart\u00ednez Color: Aleix Pinto @lacaproducciones<\/figcaption><\/figure>\n\n\n\n<h3 class=\"wp-block-heading\">Videoclip oficial <em>\u00abVali\u00f3 la pena\u00bb<\/em> de Maqueda<\/h3>\n\n\n\n<figure class=\"wp-block-embed is-type-video is-provider-youtube wp-block-embed-youtube wp-embed-aspect-16-9 wp-has-aspect-ratio\"><div class=\"wp-block-embed__wrapper\">\n<iframe loading=\"lazy\" title=\"Maqueda - Vali\u00f3 La Pena (Videoclip Oficial)\" width=\"920\" height=\"518\" src=\"https:\/\/www.youtube.com\/embed\/ROqiYTxLLFk?feature=oembed\" frameborder=\"0\" allow=\"accelerometer; autoplay; clipboard-write; encrypted-media; gyroscope; picture-in-picture; web-share\" referrerpolicy=\"strict-origin-when-cross-origin\" allowfullscreen><\/iframe>\n<\/div><figcaption class=\"wp-element-caption\"><br>Lyricist: Juan Antonio Maqueda Composer: Juan Antonio Maqueda- Francisco Merino Producci\u00f3n: Peach Music. Actor: Eduardo Pineda.<\/figcaption><\/figure>\n\n\n\n<p><\/p>\n\n\n\n<p><\/p>\n\n\n\n<h3 class=\"wp-block-heading\">Videoclip <em>\u00abMorgue-1946\u00bb<\/em><\/h3>\n\n\n\n<figure class=\"wp-block-embed is-type-video is-provider-youtube wp-block-embed-youtube wp-embed-aspect-16-9 wp-has-aspect-ratio\"><div class=\"wp-block-embed__wrapper\">\n<iframe loading=\"lazy\" title=\"Morgue - 1946 \u2502 VIDEOCLIP by Jose Fern\u00e1ndez-Ark \ud83c\udfac\" width=\"920\" height=\"518\" src=\"https:\/\/www.youtube.com\/embed\/KVK-Sn4JYaw?feature=oembed\" frameborder=\"0\" allow=\"accelerometer; autoplay; clipboard-write; encrypted-media; gyroscope; picture-in-picture; web-share\" referrerpolicy=\"strict-origin-when-cross-origin\" allowfullscreen><\/iframe>\n<\/div><figcaption class=\"wp-element-caption\">Cinematograf\u00eda: Jose Fern\u00e1ndez-Ark @jotanotas.photo \u2022 Interpretado (por orden de aparici\u00f3n): \u00c1ngela Le\u00f1a @angela_lenya Fernando Caride @fernando_caride \u2022 Cantantes (por orden de aparici\u00f3n): @zervan_zerbatana &#8211; Zervan Zerbatana @seroneletters &#8211; Serone @enorrrme &#8211; Enorme \u2022 Ayudante de direcci\u00f3n: Alex Herrera @alexendi Estilismo: Clara G. Soriano @clarabaguette Peluquer\u00eda: Mari Huescar @marihuescar Etalonaje y edici\u00f3n: Jose Fern\u00e1ndez-Ark @jotanotas.photo Dise\u00f1o gr\u00e1fico y cr\u00e9ditos: Bernardo Echeverri @echeverri_bernardo<\/figcaption><\/figure>\n\n\n\n<p><\/p>\n\n\n\n<p><\/p>\n\n\n\n<h1 class=\"wp-block-heading\">Programas online<\/h1>\n\n\n\n<h3 class=\"wp-block-heading has-text-align-center\"><strong><em>Porgrama sobre educaci\u00f3n sexual<\/em><\/strong><\/h3>\n\n\n\n<h3 class=\"wp-block-heading\"><em>Las relaciones no mon\u00f3gamas<\/em> TASTY SEXFY<\/h3>\n\n\n\n<figure class=\"wp-block-embed is-type-video is-provider-youtube wp-block-embed-youtube wp-embed-aspect-16-9 wp-has-aspect-ratio\"><div class=\"wp-block-embed__wrapper\">\n<iframe loading=\"lazy\" title=\"Las relaciones no mon\u00f3gamas TASTY SEXFY\" width=\"920\" height=\"518\" src=\"https:\/\/www.youtube.com\/embed\/wKxJ9hjtYhI?feature=oembed\" frameborder=\"0\" allow=\"accelerometer; autoplay; clipboard-write; encrypted-media; gyroscope; picture-in-picture; web-share\" referrerpolicy=\"strict-origin-when-cross-origin\" allowfullscreen><\/iframe>\n<\/div><\/figure>\n\n\n\n<p><\/p>\n\n\n\n<p><\/p>\n\n\n\n<h3 class=\"wp-block-heading\"><em>Los Swingers<\/em> Tasty Sexfy<\/h3>\n\n\n\n<figure class=\"wp-block-embed is-type-video is-provider-youtube wp-block-embed-youtube wp-embed-aspect-16-9 wp-has-aspect-ratio\"><div class=\"wp-block-embed__wrapper\">\n<iframe loading=\"lazy\" title=\"Los Swingers Tasty Sexfy\" width=\"920\" height=\"518\" src=\"https:\/\/www.youtube.com\/embed\/gBirhXuoAY4?feature=oembed\" frameborder=\"0\" allow=\"accelerometer; autoplay; clipboard-write; encrypted-media; gyroscope; picture-in-picture; web-share\" referrerpolicy=\"strict-origin-when-cross-origin\" allowfullscreen><\/iframe>\n<\/div><\/figure>\n\n\n\n<p><a href=\"https:\/\/www.youtube.com\/@tastysexfychannel1230\"><\/a><\/p>\n\n\n\n<h3 class=\"wp-block-heading\"><em>Fingir Orgasmos<\/em> Tasty sexfy<a href=\"https:\/\/www.youtube.com\/@tastysexfychannel1230\"><\/a><\/h3>\n\n\n\n<figure class=\"wp-block-embed is-type-video is-provider-youtube wp-block-embed-youtube wp-embed-aspect-16-9 wp-has-aspect-ratio\"><div class=\"wp-block-embed__wrapper\">\n<iframe loading=\"lazy\" title=\"Fingir Orgasmos Tasty sexfy\" width=\"920\" height=\"518\" src=\"https:\/\/www.youtube.com\/embed\/3zgDAavGVfo?feature=oembed\" frameborder=\"0\" allow=\"accelerometer; autoplay; clipboard-write; encrypted-media; gyroscope; picture-in-picture; web-share\" referrerpolicy=\"strict-origin-when-cross-origin\" allowfullscreen><\/iframe>\n<\/div><\/figure>\n\n\n\n<h3 class=\"wp-block-heading\"><em>Sexo oral a personas con pene <\/em>tasty sexfy<a href=\"https:\/\/www.youtube.com\/@tastysexfychannel1230\"><\/a><\/h3>\n\n\n\n<figure class=\"wp-block-embed is-type-video is-provider-youtube wp-block-embed-youtube wp-embed-aspect-16-9 wp-has-aspect-ratio\"><div class=\"wp-block-embed__wrapper\">\n<iframe loading=\"lazy\" title=\"Sexo oral a personas con PENE tasty sexfy\" width=\"920\" height=\"518\" src=\"https:\/\/www.youtube.com\/embed\/uKCotvlccIo?feature=oembed\" frameborder=\"0\" allow=\"accelerometer; autoplay; clipboard-write; encrypted-media; gyroscope; picture-in-picture; web-share\" referrerpolicy=\"strict-origin-when-cross-origin\" allowfullscreen><\/iframe>\n<\/div><\/figure>\n\n\n\n<h3 class=\"wp-block-heading\"><\/h3>\n","protected":false},"excerpt":{"rendered":"<p>Serie Fuego en el para\u00edso Programa Cuarto milenio Su primer trabajo en el medio audiovisual fue en la telenovela Trapos \u00cdntimos. He aqu\u00ed algunos cap\u00edtulos. Web-series Serie web \u201cSuperh\u00e9roes\u201d Direcci\u00f3n.<\/p>\n<p class=\"more-link\"><a href=\"https:\/\/angelalena.com\/index.php\/television\/\" class=\"readmore\">Seguir leyendo&#8230;<span class=\"screen-reader-text\">Televisi\u00f3n<\/span><\/a><\/p>\n","protected":false},"author":2,"featured_media":0,"parent":0,"menu_order":0,"comment_status":"closed","ping_status":"closed","template":"","meta":{"footnotes":""},"class_list":["post-105","page","type-page","status-publish","hentry"],"_links":{"self":[{"href":"https:\/\/angelalena.com\/index.php\/wp-json\/wp\/v2\/pages\/105","targetHints":{"allow":["GET"]}}],"collection":[{"href":"https:\/\/angelalena.com\/index.php\/wp-json\/wp\/v2\/pages"}],"about":[{"href":"https:\/\/angelalena.com\/index.php\/wp-json\/wp\/v2\/types\/page"}],"author":[{"embeddable":true,"href":"https:\/\/angelalena.com\/index.php\/wp-json\/wp\/v2\/users\/2"}],"replies":[{"embeddable":true,"href":"https:\/\/angelalena.com\/index.php\/wp-json\/wp\/v2\/comments?post=105"}],"version-history":[{"count":10,"href":"https:\/\/angelalena.com\/index.php\/wp-json\/wp\/v2\/pages\/105\/revisions"}],"predecessor-version":[{"id":1146,"href":"https:\/\/angelalena.com\/index.php\/wp-json\/wp\/v2\/pages\/105\/revisions\/1146"}],"wp:attachment":[{"href":"https:\/\/angelalena.com\/index.php\/wp-json\/wp\/v2\/media?parent=105"}],"curies":[{"name":"wp","href":"https:\/\/api.w.org\/{rel}","templated":true}]}}