{"id":533,"date":"2022-11-14T18:43:36","date_gmt":"2022-11-14T18:43:36","guid":{"rendered":"http:\/\/angelalena.com\/?page_id=533"},"modified":"2025-10-20T11:06:14","modified_gmt":"2025-10-20T11:06:14","slug":"tablon-de-noticias","status":"publish","type":"page","link":"https:\/\/angelalena.com\/index.php\/tablon-de-noticias\/","title":{"rendered":"Tabl\u00f3n de noticias"},"content":{"rendered":"\n<h2 class=\"wp-block-heading\"><em>Baldosas<\/em><\/h2>\n\n\n\n<div class=\"wp-block-group is-vertical is-layout-flex wp-container-core-group-is-layout-8cf370e7 wp-block-group-is-layout-flex\">\n<h4 class=\"wp-block-heading has-text-align-center\"><strong>Pr\u00f3ximas funciones 2026:<\/strong><\/h4>\n\n\n\n<div class=\"wp-block-group\"><div class=\"wp-block-group__inner-container is-layout-constrained wp-block-group-is-layout-constrained\">\n<p>14\/02\/2026  Guadalupe- Murcia<\/p>\n\n\n\n<p>24\/4\/2026 Lorqu\u00ed &#8211; Murcia<\/p>\n\n\n\n<p>9\/5\/2026 Alguazas<\/p>\n\n\n\n<p>16\/5\/2026 Santomera <\/p>\n<\/div><\/div>\n<\/div>\n\n\n\n<h2 class=\"wp-block-heading\"><em>ADELA<\/em><\/h2>\n\n\n\n<p class=\"has-text-align-left\"><strong>Conversaci\u00f3n con \u00c1ngela Le\u00f1a <em>\u00abAdela VS \u00c1ngela\u00bb<\/em><\/strong> <\/p>\n\n\n\n<p><a href=\"https:\/\/fulgenciomlax.wordpress.com\/2022\/02\/08\/adela-vs-angela-lena\/\" target=\"_blank\" rel=\"noreferrer noopener\">https:\/\/fulgenciomlax.wordpress.com\/2022\/02\/08\/adela-vs-angela-lena\/<\/a><\/p>\n\n\n\n<p><\/p>\n\n\n\n<div class=\"wp-block-media-text alignwide is-stacked-on-mobile\" style=\"grid-template-columns:46% auto\"><figure class=\"wp-block-media-text__media\"><img loading=\"lazy\" decoding=\"async\" width=\"331\" height=\"100\" src=\"http:\/\/angelalena.com\/wp-content\/uploads\/2022\/11\/WhatsApp-Image-2022-11-14-at-19.16.01.jpeg\" alt=\"\" class=\"wp-image-536 size-full\" srcset=\"https:\/\/angelalena.com\/wp-content\/uploads\/2022\/11\/WhatsApp-Image-2022-11-14-at-19.16.01.jpeg 331w, https:\/\/angelalena.com\/wp-content\/uploads\/2022\/11\/WhatsApp-Image-2022-11-14-at-19.16.01-300x91.jpeg 300w\" sizes=\"auto, (max-width: 331px) 100vw, 331px\" \/><\/figure><div class=\"wp-block-media-text__content\">\n<p><strong>Adela en el peri\u00f3dico de las Artes Esc\u00e9nicas<\/strong><\/p>\n\n\n\n<p><a href=\"https:\/\/www.artezblai.com\/adela-el-inevitable-final-de-la-hija-de-bernarda-alba\/ \">https:\/\/www.artezblai.com\/adela-el-inevitable-final-de-la-hija-de-bernarda-alba\/ <\/a><\/p>\n\n\n\n<p><\/p>\n<\/div><\/div>\n\n\n\n<div class=\"wp-block-media-text alignwide is-stacked-on-mobile\"><figure class=\"wp-block-media-text__media\"><img loading=\"lazy\" decoding=\"async\" width=\"1024\" height=\"1024\" src=\"http:\/\/angelalena.com\/wp-content\/uploads\/2022\/11\/WhatsApp-Image-2022-11-14-at-18.49.01-1024x1024.jpeg\" alt=\"\" class=\"wp-image-534 size-full\" srcset=\"https:\/\/angelalena.com\/wp-content\/uploads\/2022\/11\/WhatsApp-Image-2022-11-14-at-18.49.01-1024x1024.jpeg 1024w, https:\/\/angelalena.com\/wp-content\/uploads\/2022\/11\/WhatsApp-Image-2022-11-14-at-18.49.01-300x300.jpeg 300w, https:\/\/angelalena.com\/wp-content\/uploads\/2022\/11\/WhatsApp-Image-2022-11-14-at-18.49.01-150x150.jpeg 150w, https:\/\/angelalena.com\/wp-content\/uploads\/2022\/11\/WhatsApp-Image-2022-11-14-at-18.49.01-768x768.jpeg 768w, https:\/\/angelalena.com\/wp-content\/uploads\/2022\/11\/WhatsApp-Image-2022-11-14-at-18.49.01-50x50.jpeg 50w, https:\/\/angelalena.com\/wp-content\/uploads\/2022\/11\/WhatsApp-Image-2022-11-14-at-18.49.01.jpeg 1440w\" sizes=\"auto, (max-width: 1024px) 100vw, 1024px\" \/><\/figure><div class=\"wp-block-media-text__content\">\n<p class=\"has-text-align-left\">\u00abEntrevista realizada en Onda Regional a la actriz \u00c1ngela Le\u00f1a y al dramaturgo Fulgencio M. Lax sobre el mon\u00f3logo ADELA, que se representa el pr\u00f3ximo s\u00e1bado 12 de febrero en el Auditorio de Beniaj\u00e1n a las 20:00 horas.\u00bb<\/p>\n\n\n\n<p><a href=\"https:\/\/www.orm.es\/programas\/tarde-abierta\/tarde-abierta-el-dramaturgo-fulgencio-martinez-lax-hace-doblete-esta-semana\/\">https:\/\/www.orm.es\/programas\/tarde-abierta\/tarde-abierta-el-dramaturgo-fulgencio-martinez-lax-hace-doblete-esta-semana\/<\/a><\/p>\n\n\n\n<p><\/p>\n<\/div><\/div>\n\n\n\n<h3 class=\"wp-block-heading has-text-align-center\"><strong>Pr\u00f3ximas funciones<\/strong><\/h3>\n\n\n\n<ul class=\"wp-block-list\">\n<li>21\/12\/2021 en el Centro P\u00e1rraga de Murcia a las 21:00h.<\/li>\n\n\n\n<li>12\/02\/2022 en el Auditorio de Beniaj\u00e1n a las 20: 00h.<\/li>\n\n\n\n<li>01\/10\/2022 en la Sala Tarambana de Madrid a las 21:00h.<\/li>\n\n\n\n<li>02\/10\/2022 en la Sala Tarambana de Madrid a las 20:00h.<\/li>\n\n\n\n<li>28\/10\/2022 Teatro T\u00e1vora en Sevilla a las 20:30h.<\/li>\n\n\n\n<li>29\/10\/2022  en la antesala del refugio tabacalera de Alicante a las 20:30h.<\/li>\n\n\n\n<li>10\/11\/2022 en la Sala C\u00edtrica- Puente Tocinos. Murcia a las 20:30h.<\/li>\n<\/ul>\n\n\n\n<p><\/p>\n\n\n\n<p><\/p>\n\n\n\n<h2 class=\"wp-block-heading\"><em>ZERO<\/em>16<\/h2>\n\n\n\n<div class=\"wp-block-group\"><div class=\"wp-block-group__inner-container is-layout-constrained wp-block-group-is-layout-constrained\">\n<div class=\"wp-block-group\"><div class=\"wp-block-group__inner-container is-layout-constrained wp-block-group-is-layout-constrained\">\n<p>Texto y dramaturgia de <em>Fulgencio M. Lax.<\/em><\/p>\n\n\n\n<p>Direcci\u00f3n de <em>Morgan Blasco<\/em><\/p>\n\n\n\n<p>Interpretaci\u00f3n: <em>\u00c1ngela Le\u00f1a y Morgan Blasco <\/em><\/p>\n<\/div><\/div>\n<\/div><\/div>\n\n\n\n<div class=\"wp-block-media-text alignwide is-stacked-on-mobile\"><figure class=\"wp-block-media-text__media\"><img loading=\"lazy\" decoding=\"async\" width=\"1024\" height=\"472\" src=\"http:\/\/angelalena.com\/wp-content\/uploads\/2022\/11\/IMG_20221113_225418_497-1024x472.jpg\" alt=\"\" class=\"wp-image-544 size-full\" srcset=\"https:\/\/angelalena.com\/wp-content\/uploads\/2022\/11\/IMG_20221113_225418_497-1024x472.jpg 1024w, https:\/\/angelalena.com\/wp-content\/uploads\/2022\/11\/IMG_20221113_225418_497-300x138.jpg 300w, https:\/\/angelalena.com\/wp-content\/uploads\/2022\/11\/IMG_20221113_225418_497-768x354.jpg 768w, https:\/\/angelalena.com\/wp-content\/uploads\/2022\/11\/IMG_20221113_225418_497.jpg 1280w\" sizes=\"auto, (max-width: 1024px) 100vw, 1024px\" \/><\/figure><div class=\"wp-block-media-text__content\">\n<h3 class=\"wp-block-heading\"><strong>Pr\u00f3ximas funciones<\/strong><\/h3>\n\n\n\n<ul class=\"wp-block-list\">\n<li>4\/11\/2022 Auditorio Teulada Moraira a las 20:30h.<\/li>\n\n\n\n<li>12\/11\/2022 Teatro- Auditorio Campello a las 19:30h.<\/li>\n\n\n\n<li>13\/11\/2022 en Auditorio de la casa de cultura de Benij\u00f3far a las 19:00h. <\/li>\n\n\n\n<li>24\/11\/2022 en el Auditorio de la mediter\u00e1nea, La Nuc\u00eda a las 20:30h.<\/li>\n\n\n\n<li>25 de noviembre, Onil.<\/li>\n<\/ul>\n\n\n\n<p><\/p>\n\n\n\n<p><\/p>\n<\/div><\/div>\n\n\n\n<h2 class=\"wp-block-heading\">\u00daltimas noticias sobre Zer016<\/h2>\n\n\n\n<p><a href=\"http:\/\/www.lanucia.es\/Actualidad\/Evento\/10223-\">http:\/\/www.lanucia.es\/Actualidad\/Evento\/10223-<\/a><\/p>\n\n\n\n<p><a href=\"http:\/\/www.lanucia.es\/Actualidad\/noticia\/25072-Manana-obra-teatro-Zero-16-concienciara-contra-violencia-genero\">http:\/\/www.lanucia.es\/Actualidad\/noticia\/25072-Manana-obra-teatro-Zero-16-concienciara-contra-violencia-genero<\/a><\/p>\n\n\n\n<p><\/p>\n\n\n\n<p><\/p>\n\n\n\n<h2 class=\"wp-block-heading\"><em>LA MUJER DE LA FLOR EN EL PECHO<\/em><\/h2>\n\n\n\n<h3 class=\"wp-block-heading has-text-align-right\">Estreno<\/h3>\n\n\n\n<ul class=\"wp-block-list\">\n<li>23\/12\/2022 en el Centro p\u00e1rraga. Murcia a las 19.30h<\/li>\n<\/ul>\n\n\n\n<p>para entradas, pincha el link:<\/p>\n\n\n\n<ul class=\"wp-block-list\">\n<li><a href=\"http:\/\/www.centroparraga.es\/servlet\/s.Sl?sit=c,914,m,3898,i,1&amp;r=Portal-49111-DETALLE_EVENTO\">http:\/\/www.centroparraga.es\/servlet\/s.Sl?sit=c,914,m,3898,i,1&amp;r=Portal-49111-DETALLE_EVENTO<\/a><\/li>\n<\/ul>\n\n\n\n<h3 class=\"wp-block-heading\">\u00c1ngela L. en el diccionario de artistas esc\u00e9nicos de la Regi\u00f3n de Murcia<\/h3>\n\n\n\n<figure class=\"wp-block-embed is-type-wp-embed is-provider-teatro-de-la-pesambre wp-block-embed-teatro-de-la-pesambre\"><div class=\"wp-block-embed__wrapper\">\n<blockquote class=\"wp-embedded-content\" data-secret=\"kGwJUXk0Ot\"><a href=\"https:\/\/fulgenciomlax.wordpress.com\/2023\/04\/20\/angela-lena-actriz-diccionario-de-artistas-escenicos-de-la-region-de-murcia\/\">\u00c1ngela Le\u00f1a. Actriz. Diccionario de artistas esc\u00e9nicos de la Regi\u00f3n de&nbsp;Murcia<\/a><\/blockquote><iframe loading=\"lazy\" class=\"wp-embedded-content\" sandbox=\"allow-scripts\" security=\"restricted\" style=\"position: absolute; visibility: hidden;\" title=\"\u00ab\u00c1ngela Le\u00f1a. Actriz. Diccionario de artistas esc\u00e9nicos de la Regi\u00f3n de&nbsp;Murcia\u00bb \u2014 Teatro de la pesambre\" src=\"https:\/\/fulgenciomlax.wordpress.com\/2023\/04\/20\/angela-lena-actriz-diccionario-de-artistas-escenicos-de-la-region-de-murcia\/embed\/#?secret=lVwVt5mjiG#?secret=kGwJUXk0Ot\" data-secret=\"kGwJUXk0Ot\" width=\"600\" height=\"338\" frameborder=\"0\" marginwidth=\"0\" marginheight=\"0\" scrolling=\"no\"><\/iframe>\n<\/div><\/figure>\n\n\n\n<p><\/p>\n","protected":false},"excerpt":{"rendered":"<p>Baldosas Pr\u00f3ximas funciones 2026: 14\/02\/2026 Guadalupe- Murcia 24\/4\/2026 Lorqu\u00ed &#8211; Murcia 9\/5\/2026 Alguazas 16\/5\/2026 Santomera ADELA Conversaci\u00f3n con \u00c1ngela Le\u00f1a \u00abAdela VS \u00c1ngela\u00bb https:\/\/fulgenciomlax.wordpress.com\/2022\/02\/08\/adela-vs-angela-lena\/ Adela en el peri\u00f3dico de las<\/p>\n<p class=\"more-link\"><a href=\"https:\/\/angelalena.com\/index.php\/tablon-de-noticias\/\" class=\"readmore\">Seguir leyendo&#8230;<span class=\"screen-reader-text\">Tabl\u00f3n de noticias<\/span><\/a><\/p>\n","protected":false},"author":2,"featured_media":0,"parent":0,"menu_order":0,"comment_status":"closed","ping_status":"closed","template":"","meta":{"footnotes":""},"class_list":["post-533","page","type-page","status-publish","hentry"],"_links":{"self":[{"href":"https:\/\/angelalena.com\/index.php\/wp-json\/wp\/v2\/pages\/533","targetHints":{"allow":["GET"]}}],"collection":[{"href":"https:\/\/angelalena.com\/index.php\/wp-json\/wp\/v2\/pages"}],"about":[{"href":"https:\/\/angelalena.com\/index.php\/wp-json\/wp\/v2\/types\/page"}],"author":[{"embeddable":true,"href":"https:\/\/angelalena.com\/index.php\/wp-json\/wp\/v2\/users\/2"}],"replies":[{"embeddable":true,"href":"https:\/\/angelalena.com\/index.php\/wp-json\/wp\/v2\/comments?post=533"}],"version-history":[{"count":9,"href":"https:\/\/angelalena.com\/index.php\/wp-json\/wp\/v2\/pages\/533\/revisions"}],"predecessor-version":[{"id":1148,"href":"https:\/\/angelalena.com\/index.php\/wp-json\/wp\/v2\/pages\/533\/revisions\/1148"}],"wp:attachment":[{"href":"https:\/\/angelalena.com\/index.php\/wp-json\/wp\/v2\/media?parent=533"}],"curies":[{"name":"wp","href":"https:\/\/api.w.org\/{rel}","templated":true}]}}