{"id":835,"date":"2024-09-04T16:49:12","date_gmt":"2024-09-04T16:49:12","guid":{"rendered":"http:\/\/angelalena.com\/?page_id=835"},"modified":"2024-09-10T13:12:25","modified_gmt":"2024-09-10T13:12:25","slug":"otras-tematicas-y-experimentales","status":"publish","type":"page","link":"https:\/\/angelalena.com\/index.php\/otras-tematicas-y-experimentales\/","title":{"rendered":"Otras tem\u00e1ticas y Experimentales"},"content":{"rendered":"\n<h3 class=\"wp-block-heading\">Proyecto <em>Memoria hist\u00f3rica<\/em><\/h3>\n\n\n\n<figure class=\"wp-block-image size-large\"><img loading=\"lazy\" decoding=\"async\" width=\"1024\" height=\"683\" src=\"http:\/\/angelalena.com\/wp-content\/uploads\/2024\/09\/memoria-historica6-1024x683.jpg\" alt=\"\" class=\"wp-image-845\" srcset=\"https:\/\/angelalena.com\/wp-content\/uploads\/2024\/09\/memoria-historica6-1024x683.jpg 1024w, https:\/\/angelalena.com\/wp-content\/uploads\/2024\/09\/memoria-historica6-300x200.jpg 300w, https:\/\/angelalena.com\/wp-content\/uploads\/2024\/09\/memoria-historica6-768x512.jpg 768w, https:\/\/angelalena.com\/wp-content\/uploads\/2024\/09\/memoria-historica6-1536x1024.jpg 1536w, https:\/\/angelalena.com\/wp-content\/uploads\/2024\/09\/memoria-historica6-2048x1365.jpg 2048w\" sizes=\"auto, (max-width: 1024px) 100vw, 1024px\" \/><figcaption class=\"wp-element-caption\">Director de fotograf\u00eda: Borja L\u00f3pez. Dir: El chico del 13<\/figcaption><\/figure>\n\n\n\n<figure class=\"wp-block-image size-large\"><img loading=\"lazy\" decoding=\"async\" width=\"1024\" height=\"683\" src=\"http:\/\/angelalena.com\/wp-content\/uploads\/2024\/09\/memoria-historica1.2-1024x683.jpg\" alt=\"\" class=\"wp-image-841\" srcset=\"https:\/\/angelalena.com\/wp-content\/uploads\/2024\/09\/memoria-historica1.2-1024x683.jpg 1024w, https:\/\/angelalena.com\/wp-content\/uploads\/2024\/09\/memoria-historica1.2-300x200.jpg 300w, https:\/\/angelalena.com\/wp-content\/uploads\/2024\/09\/memoria-historica1.2-768x512.jpg 768w, https:\/\/angelalena.com\/wp-content\/uploads\/2024\/09\/memoria-historica1.2-1536x1024.jpg 1536w, https:\/\/angelalena.com\/wp-content\/uploads\/2024\/09\/memoria-historica1.2-2048x1365.jpg 2048w\" sizes=\"auto, (max-width: 1024px) 100vw, 1024px\" \/><figcaption class=\"wp-element-caption\">Director de fotograf\u00eda: Borja L\u00f3pez. Dir: El chico del 13<\/figcaption><\/figure>\n\n\n\n<figure class=\"wp-block-image size-large\"><img loading=\"lazy\" decoding=\"async\" width=\"1024\" height=\"576\" src=\"http:\/\/angelalena.com\/wp-content\/uploads\/2024\/09\/memoria-historica1-1024x576.jpg\" alt=\"\" class=\"wp-image-842\" srcset=\"https:\/\/angelalena.com\/wp-content\/uploads\/2024\/09\/memoria-historica1-1024x576.jpg 1024w, https:\/\/angelalena.com\/wp-content\/uploads\/2024\/09\/memoria-historica1-300x169.jpg 300w, https:\/\/angelalena.com\/wp-content\/uploads\/2024\/09\/memoria-historica1-768x432.jpg 768w, https:\/\/angelalena.com\/wp-content\/uploads\/2024\/09\/memoria-historica1-1536x864.jpg 1536w, https:\/\/angelalena.com\/wp-content\/uploads\/2024\/09\/memoria-historica1-2048x1152.jpg 2048w, https:\/\/angelalena.com\/wp-content\/uploads\/2024\/09\/memoria-historica1-1920x1080.jpg 1920w\" sizes=\"auto, (max-width: 1024px) 100vw, 1024px\" \/><figcaption class=\"wp-element-caption\">Director de fotograf\u00eda: Borja L\u00f3pez. Dir: El chico del 13<\/figcaption><\/figure>\n\n\n\n<figure class=\"wp-block-image size-large\"><img loading=\"lazy\" decoding=\"async\" width=\"1024\" height=\"683\" src=\"http:\/\/angelalena.com\/wp-content\/uploads\/2024\/09\/memoria-historica7-1024x683.jpg\" alt=\"\" class=\"wp-image-846\" srcset=\"https:\/\/angelalena.com\/wp-content\/uploads\/2024\/09\/memoria-historica7-1024x683.jpg 1024w, https:\/\/angelalena.com\/wp-content\/uploads\/2024\/09\/memoria-historica7-300x200.jpg 300w, https:\/\/angelalena.com\/wp-content\/uploads\/2024\/09\/memoria-historica7-768x512.jpg 768w, https:\/\/angelalena.com\/wp-content\/uploads\/2024\/09\/memoria-historica7-1536x1024.jpg 1536w, https:\/\/angelalena.com\/wp-content\/uploads\/2024\/09\/memoria-historica7-2048x1365.jpg 2048w\" sizes=\"auto, (max-width: 1024px) 100vw, 1024px\" \/><figcaption class=\"wp-element-caption\">Director de fotograf\u00eda: Borja L\u00f3pez. Dir: El chico del 13<\/figcaption><\/figure>\n\n\n\n<figure class=\"wp-block-image size-large\"><img loading=\"lazy\" decoding=\"async\" width=\"1024\" height=\"683\" src=\"http:\/\/angelalena.com\/wp-content\/uploads\/2024\/09\/memoria-historica3-1024x683.jpg\" alt=\"\" class=\"wp-image-843\" srcset=\"https:\/\/angelalena.com\/wp-content\/uploads\/2024\/09\/memoria-historica3-1024x683.jpg 1024w, https:\/\/angelalena.com\/wp-content\/uploads\/2024\/09\/memoria-historica3-300x200.jpg 300w, https:\/\/angelalena.com\/wp-content\/uploads\/2024\/09\/memoria-historica3-768x512.jpg 768w, https:\/\/angelalena.com\/wp-content\/uploads\/2024\/09\/memoria-historica3-1536x1024.jpg 1536w, https:\/\/angelalena.com\/wp-content\/uploads\/2024\/09\/memoria-historica3-2048x1365.jpg 2048w\" sizes=\"auto, (max-width: 1024px) 100vw, 1024px\" \/><figcaption class=\"wp-element-caption\">Director de fotograf\u00eda: Borja L\u00f3pez. Dir: El chico del 13<\/figcaption><\/figure>\n\n\n\n<figure class=\"wp-block-image size-large\"><img loading=\"lazy\" decoding=\"async\" width=\"683\" height=\"1024\" src=\"http:\/\/angelalena.com\/wp-content\/uploads\/2024\/09\/memoria-historica4-683x1024.jpg\" alt=\"\" class=\"wp-image-844\" srcset=\"https:\/\/angelalena.com\/wp-content\/uploads\/2024\/09\/memoria-historica4-683x1024.jpg 683w, https:\/\/angelalena.com\/wp-content\/uploads\/2024\/09\/memoria-historica4-200x300.jpg 200w, https:\/\/angelalena.com\/wp-content\/uploads\/2024\/09\/memoria-historica4-768x1152.jpg 768w, https:\/\/angelalena.com\/wp-content\/uploads\/2024\/09\/memoria-historica4-1024x1536.jpg 1024w, https:\/\/angelalena.com\/wp-content\/uploads\/2024\/09\/memoria-historica4-1365x2048.jpg 1365w, https:\/\/angelalena.com\/wp-content\/uploads\/2024\/09\/memoria-historica4-scaled.jpg 1707w\" sizes=\"auto, (max-width: 683px) 100vw, 683px\" \/><figcaption class=\"wp-element-caption\">Director de fotograf\u00eda: Borja L\u00f3pez. Dir: El chico del 13<\/figcaption><\/figure>\n\n\n\n<figure class=\"wp-block-image size-large\"><img loading=\"lazy\" decoding=\"async\" width=\"683\" height=\"1024\" src=\"http:\/\/angelalena.com\/wp-content\/uploads\/2024\/09\/memoria-historica15-683x1024.jpg\" alt=\"\" class=\"wp-image-848\" srcset=\"https:\/\/angelalena.com\/wp-content\/uploads\/2024\/09\/memoria-historica15-683x1024.jpg 683w, https:\/\/angelalena.com\/wp-content\/uploads\/2024\/09\/memoria-historica15-200x300.jpg 200w, https:\/\/angelalena.com\/wp-content\/uploads\/2024\/09\/memoria-historica15-768x1152.jpg 768w, https:\/\/angelalena.com\/wp-content\/uploads\/2024\/09\/memoria-historica15-1024x1536.jpg 1024w, https:\/\/angelalena.com\/wp-content\/uploads\/2024\/09\/memoria-historica15-1365x2048.jpg 1365w, https:\/\/angelalena.com\/wp-content\/uploads\/2024\/09\/memoria-historica15-scaled.jpg 1707w\" sizes=\"auto, (max-width: 683px) 100vw, 683px\" \/><figcaption class=\"wp-element-caption\">Director de fotograf\u00eda: Borja L\u00f3pez. Dir: El chico del 13<\/figcaption><\/figure>\n\n\n\n<p><\/p>\n\n\n\n<h2 class=\"wp-block-heading has-text-align-center\">Fantas\u00eda <em>Harlequ\u00edn<\/em><\/h2>\n\n\n\n<figure class=\"wp-block-gallery has-nested-images columns-default is-cropped wp-block-gallery-1 is-layout-flex wp-block-gallery-is-layout-flex\">\n<figure class=\"wp-block-image size-large\"><img loading=\"lazy\" decoding=\"async\" width=\"682\" height=\"1024\" data-id=\"1104\" src=\"http:\/\/angelalena.com\/wp-content\/uploads\/2024\/09\/WhatsApp-Image-2024-09-10-at-14.28.27-2-682x1024.jpeg\" alt=\"\" class=\"wp-image-1104\" srcset=\"https:\/\/angelalena.com\/wp-content\/uploads\/2024\/09\/WhatsApp-Image-2024-09-10-at-14.28.27-2-682x1024.jpeg 682w, https:\/\/angelalena.com\/wp-content\/uploads\/2024\/09\/WhatsApp-Image-2024-09-10-at-14.28.27-2-200x300.jpeg 200w, https:\/\/angelalena.com\/wp-content\/uploads\/2024\/09\/WhatsApp-Image-2024-09-10-at-14.28.27-2-768x1153.jpeg 768w, https:\/\/angelalena.com\/wp-content\/uploads\/2024\/09\/WhatsApp-Image-2024-09-10-at-14.28.27-2-1023x1536.jpeg 1023w, https:\/\/angelalena.com\/wp-content\/uploads\/2024\/09\/WhatsApp-Image-2024-09-10-at-14.28.27-2.jpeg 1066w\" sizes=\"auto, (max-width: 682px) 100vw, 682px\" \/><\/figure>\n\n\n\n<figure class=\"wp-block-image size-large\"><img loading=\"lazy\" decoding=\"async\" width=\"682\" height=\"1024\" data-id=\"1105\" src=\"http:\/\/angelalena.com\/wp-content\/uploads\/2024\/09\/WhatsApp-Image-2024-09-10-at-14.28.27-3-682x1024.jpeg\" alt=\"\" class=\"wp-image-1105\" srcset=\"https:\/\/angelalena.com\/wp-content\/uploads\/2024\/09\/WhatsApp-Image-2024-09-10-at-14.28.27-3-682x1024.jpeg 682w, https:\/\/angelalena.com\/wp-content\/uploads\/2024\/09\/WhatsApp-Image-2024-09-10-at-14.28.27-3-200x300.jpeg 200w, https:\/\/angelalena.com\/wp-content\/uploads\/2024\/09\/WhatsApp-Image-2024-09-10-at-14.28.27-3-768x1153.jpeg 768w, https:\/\/angelalena.com\/wp-content\/uploads\/2024\/09\/WhatsApp-Image-2024-09-10-at-14.28.27-3-1023x1536.jpeg 1023w, https:\/\/angelalena.com\/wp-content\/uploads\/2024\/09\/WhatsApp-Image-2024-09-10-at-14.28.27-3.jpeg 1066w\" sizes=\"auto, (max-width: 682px) 100vw, 682px\" \/><figcaption class=\"wp-element-caption\">Maquillaje: Silvia Garc\u00eda<\/figcaption><\/figure>\n\n\n\n<figure class=\"wp-block-image size-large\"><img loading=\"lazy\" decoding=\"async\" width=\"682\" height=\"1024\" data-id=\"1106\" src=\"http:\/\/angelalena.com\/wp-content\/uploads\/2024\/09\/WhatsApp-Image-2024-09-10-at-14.28.27-682x1024.jpeg\" alt=\"\" class=\"wp-image-1106\" srcset=\"https:\/\/angelalena.com\/wp-content\/uploads\/2024\/09\/WhatsApp-Image-2024-09-10-at-14.28.27-682x1024.jpeg 682w, https:\/\/angelalena.com\/wp-content\/uploads\/2024\/09\/WhatsApp-Image-2024-09-10-at-14.28.27-200x300.jpeg 200w, https:\/\/angelalena.com\/wp-content\/uploads\/2024\/09\/WhatsApp-Image-2024-09-10-at-14.28.27-768x1153.jpeg 768w, https:\/\/angelalena.com\/wp-content\/uploads\/2024\/09\/WhatsApp-Image-2024-09-10-at-14.28.27-1023x1536.jpeg 1023w, https:\/\/angelalena.com\/wp-content\/uploads\/2024\/09\/WhatsApp-Image-2024-09-10-at-14.28.27.jpeg 1066w\" sizes=\"auto, (max-width: 682px) 100vw, 682px\" \/><figcaption class=\"wp-element-caption\">Fotograf\u00eda: Juan Luis Casado<\/figcaption><\/figure>\n<\/figure>\n\n\n\n<p><\/p>\n\n\n\n<h2 class=\"wp-block-heading has-text-align-center\"><em>Cosplay- Kawaii<\/em><\/h2>\n\n\n\n<div class=\"wp-block-group\"><div class=\"wp-block-group__inner-container is-layout-constrained wp-block-group-is-layout-constrained\">\n<div class=\"wp-block-columns is-layout-flex wp-container-core-columns-is-layout-9d6595d7 wp-block-columns-is-layout-flex\">\n<div class=\"wp-block-column is-layout-flow wp-block-column-is-layout-flow\" style=\"flex-basis:100%\">\n<div class=\"wp-block-group\"><div class=\"wp-block-group__inner-container is-layout-constrained wp-block-group-is-layout-constrained\">\n<figure class=\"wp-block-gallery has-nested-images columns-default is-cropped wp-block-gallery-2 is-layout-flex wp-block-gallery-is-layout-flex\">\n<figure class=\"wp-block-image size-large\"><img loading=\"lazy\" decoding=\"async\" width=\"1024\" height=\"684\" data-id=\"1110\" src=\"http:\/\/angelalena.com\/wp-content\/uploads\/2024\/09\/WhatsApp-Image-2024-09-10-at-14.42.08-2-1024x684.jpeg\" alt=\"\" class=\"wp-image-1110\" srcset=\"https:\/\/angelalena.com\/wp-content\/uploads\/2024\/09\/WhatsApp-Image-2024-09-10-at-14.42.08-2-1024x684.jpeg 1024w, https:\/\/angelalena.com\/wp-content\/uploads\/2024\/09\/WhatsApp-Image-2024-09-10-at-14.42.08-2-300x200.jpeg 300w, https:\/\/angelalena.com\/wp-content\/uploads\/2024\/09\/WhatsApp-Image-2024-09-10-at-14.42.08-2-768x513.jpeg 768w, https:\/\/angelalena.com\/wp-content\/uploads\/2024\/09\/WhatsApp-Image-2024-09-10-at-14.42.08-2-1536x1025.jpeg 1536w, https:\/\/angelalena.com\/wp-content\/uploads\/2024\/09\/WhatsApp-Image-2024-09-10-at-14.42.08-2.jpeg 1600w\" sizes=\"auto, (max-width: 1024px) 100vw, 1024px\" \/><\/figure>\n\n\n\n<figure class=\"wp-block-image size-large\"><img loading=\"lazy\" decoding=\"async\" width=\"1024\" height=\"684\" data-id=\"1109\" src=\"http:\/\/angelalena.com\/wp-content\/uploads\/2024\/09\/WhatsApp-Image-2024-09-10-at-14.42.08-3-1024x684.jpeg\" alt=\"\" class=\"wp-image-1109\" srcset=\"https:\/\/angelalena.com\/wp-content\/uploads\/2024\/09\/WhatsApp-Image-2024-09-10-at-14.42.08-3-1024x684.jpeg 1024w, https:\/\/angelalena.com\/wp-content\/uploads\/2024\/09\/WhatsApp-Image-2024-09-10-at-14.42.08-3-300x200.jpeg 300w, https:\/\/angelalena.com\/wp-content\/uploads\/2024\/09\/WhatsApp-Image-2024-09-10-at-14.42.08-3-768x513.jpeg 768w, https:\/\/angelalena.com\/wp-content\/uploads\/2024\/09\/WhatsApp-Image-2024-09-10-at-14.42.08-3-1536x1025.jpeg 1536w, https:\/\/angelalena.com\/wp-content\/uploads\/2024\/09\/WhatsApp-Image-2024-09-10-at-14.42.08-3.jpeg 1600w\" sizes=\"auto, (max-width: 1024px) 100vw, 1024px\" \/><\/figure>\n<\/figure>\n<\/div><\/div>\n\n\n\n<figure class=\"wp-block-image size-large\"><img loading=\"lazy\" decoding=\"async\" width=\"684\" height=\"1024\" src=\"http:\/\/angelalena.com\/wp-content\/uploads\/2024\/09\/WhatsApp-Image-2024-09-10-at-14.42.08-1-684x1024.jpeg\" alt=\"\" class=\"wp-image-1111\" srcset=\"https:\/\/angelalena.com\/wp-content\/uploads\/2024\/09\/WhatsApp-Image-2024-09-10-at-14.42.08-1-684x1024.jpeg 684w, https:\/\/angelalena.com\/wp-content\/uploads\/2024\/09\/WhatsApp-Image-2024-09-10-at-14.42.08-1-200x300.jpeg 200w, https:\/\/angelalena.com\/wp-content\/uploads\/2024\/09\/WhatsApp-Image-2024-09-10-at-14.42.08-1-768x1151.jpeg 768w, https:\/\/angelalena.com\/wp-content\/uploads\/2024\/09\/WhatsApp-Image-2024-09-10-at-14.42.08-1-1025x1536.jpeg 1025w, https:\/\/angelalena.com\/wp-content\/uploads\/2024\/09\/WhatsApp-Image-2024-09-10-at-14.42.08-1.jpeg 1068w\" sizes=\"auto, (max-width: 684px) 100vw, 684px\" \/><figcaption class=\"wp-element-caption\">Fotograf\u00eda: Manuel Corcoles. Make up: Silvia Garc\u00eda<\/figcaption><\/figure>\n\n\n\n<p><\/p>\n<\/div>\n<\/div>\n<\/div><\/div>\n","protected":false},"excerpt":{"rendered":"<p>Proyecto Memoria hist\u00f3rica Fantas\u00eda Harlequ\u00edn Cosplay- Kawaii<\/p>\n","protected":false},"author":2,"featured_media":0,"parent":0,"menu_order":0,"comment_status":"closed","ping_status":"closed","template":"","meta":{"footnotes":""},"class_list":["post-835","page","type-page","status-publish","hentry"],"_links":{"self":[{"href":"https:\/\/angelalena.com\/index.php\/wp-json\/wp\/v2\/pages\/835","targetHints":{"allow":["GET"]}}],"collection":[{"href":"https:\/\/angelalena.com\/index.php\/wp-json\/wp\/v2\/pages"}],"about":[{"href":"https:\/\/angelalena.com\/index.php\/wp-json\/wp\/v2\/types\/page"}],"author":[{"embeddable":true,"href":"https:\/\/angelalena.com\/index.php\/wp-json\/wp\/v2\/users\/2"}],"replies":[{"embeddable":true,"href":"https:\/\/angelalena.com\/index.php\/wp-json\/wp\/v2\/comments?post=835"}],"version-history":[{"count":5,"href":"https:\/\/angelalena.com\/index.php\/wp-json\/wp\/v2\/pages\/835\/revisions"}],"predecessor-version":[{"id":1112,"href":"https:\/\/angelalena.com\/index.php\/wp-json\/wp\/v2\/pages\/835\/revisions\/1112"}],"wp:attachment":[{"href":"https:\/\/angelalena.com\/index.php\/wp-json\/wp\/v2\/media?parent=835"}],"curies":[{"name":"wp","href":"https:\/\/api.w.org\/{rel}","templated":true}]}}